{"id":656,"date":"2020-01-14T13:45:58","date_gmt":"2020-01-14T12:45:58","guid":{"rendered":"http:\/\/www.aaesor721.fr\/?page_id=656"},"modified":"2020-04-28T10:04:49","modified_gmt":"2020-04-28T08:04:49","slug":"sommaire-mille-pattes-n18-novembre-2011","status":"publish","type":"page","link":"http:\/\/www.aaesor721.fr\/index.php\/sommaire-mille-pattes-n18-novembre-2011\/","title":{"rendered":"Sommaire Mille Pattes n\u00b018 \/ Novembre 2011"},"content":{"rendered":"<p class=\"western\" style=\"text-align: left;\"><span style=\"font-family: Arial, sans-serif; font-size: 10pt; color: #000000;\">Le mot du Pr\u00e9sident<\/span><\/p>\n<p class=\"western\" style=\"text-align: left;\"><a href=\"http:\/\/www.aaesor721.fr\/wp-content\/uploads\/2020\/04\/11eme_ag-min.pdf\" target=\"_blank\" rel=\"noopener noreferrer\"><span style=\"background-color: yellow; font-family: Arial, sans-serif; font-size: 10pt; color: #000000;\">11eme Assembl\u00e9e g\u00e9n\u00e9rale<\/span><\/a><\/p>\n<p class=\"western\" style=\"text-align: left;\"><a href=\"http:\/\/www.aaesor721.fr\/wp-content\/uploads\/2020\/04\/sortie_dame_ag_2011-min.pdf\" target=\"_blank\" rel=\"noopener noreferrer\"><span style=\"background-color: yellow; font-family: Arial, sans-serif; font-size: 10pt; color: #000000;\">Sortie des dames AG 2011<\/span><\/a><\/p>\n<p class=\"western\" style=\"text-align: left;\"><span style=\"font-family: Arial, sans-serif; font-size: 10pt; color: #000000;\">Activit\u00e9s de l&rsquo;Association:<\/span><\/p>\n<p class=\"western\" style=\"text-align: left;\"><span style=\"font-family: Arial, sans-serif; font-size: 10pt; color: #000000;\">&#8211; R\u00e9union Rh\u00f4ne Alpes le 16 mars 2011<\/span><\/p>\n<p class=\"western\" style=\"text-align: left;\"><span style=\"font-family: Arial, sans-serif; font-size: 10pt; color: #000000;\">&#8211; C\u00e9r\u00e9monie P\u00e9lussin le 18 mai 2011<\/span><\/p>\n<p class=\"western\" style=\"text-align: left;\"><a href=\"http:\/\/www.aaesor721.fr\/wp-content\/uploads\/2020\/02\/Meeting-BA-113-St-Dizier-18-et-19-06-2011.pdf\" target=\"_blank\" rel=\"noopener noreferrer\"><span style=\"font-family: Arial, sans-serif; font-size: 10pt; color: #000000;\">&#8211; Meeting sur BA 113 St Dizier les 18 et 19 juin 2011<\/span><\/a><\/p>\n<p class=\"western\" style=\"text-align: left;\"><span style=\"font-family: Arial, sans-serif; font-size: 10pt; color: #000000;\">&#8211; 7\u00b0 Salon des peintres de l&rsquo;air le 22 juin 2011<\/span><\/p>\n<p class=\"western\" style=\"text-align: left;\"><span style=\"font-family: Arial, sans-serif; font-size: 10pt; color: #000000;\">&#8211; C\u00e9r\u00e9monie bapt\u00eame promo 2010, Rochefort le 29 juin 2011<\/span><\/p>\n<p class=\"western\" style=\"text-align: left;\"><a href=\"http:\/\/www.aaesor721.fr\/wp-content\/uploads\/2020\/02\/Remise-des-prix-aux-\u00e9l\u00e8ves-de-Saintes.pdf\" target=\"_blank\" rel=\"noopener noreferrer\"><span style=\"font-family: Arial, sans-serif; font-size: 10pt; color: #000000;\">&#8211; Remise des prix aux \u00e9l\u00e8ves de l&rsquo;\u00e9cole de Saintes le 27 juillet 2011<\/span><\/a><\/p>\n<p class=\"western\" style=\"text-align: left;\"><span style=\"font-family: Arial, sans-serif; font-size: 10pt; color: #000000;\">Du Noratlas au Transall<\/span><\/p>\n<p class=\"western\" style=\"text-align: left;\"><span style=\"font-family: Arial, sans-serif; font-size: 10pt; color: #000000;\">Divers:<\/span><\/p>\n<p class=\"western\" style=\"text-align: left;\"><span style=\"font-family: Arial, sans-serif; font-size: 10pt; color: #000000;\">&#8211; Nouveaux adh\u00e9rents<\/span><\/p>\n<p class=\"western\" style=\"text-align: left;\"><span style=\"font-family: Arial, sans-serif; font-size: 10pt; color: #000000;\">&#8211; N\u00e9crologie<\/span><\/p>\n<p class=\"western\" style=\"text-align: left;\"><span style=\"font-family: Arial, sans-serif; font-size: 10pt; color: #000000;\">&#8211; Avis de recherche<\/span><\/p>\n<p class=\"western\" style=\"text-align: left;\"><span style=\"font-family: Arial, sans-serif; font-size: 10pt; color: #000000;\">La boutique<\/span><\/p>\n<p class=\"western\" style=\"text-align: left;\"><span style=\"font-family: Arial, sans-serif; font-size: 10pt; color: #000000;\">La cotisation 2012<\/span><\/p>\n","protected":false},"excerpt":{"rendered":"<p>Le mot du Pr\u00e9sident 11eme Assembl\u00e9e g\u00e9n\u00e9rale Sortie des dames AG 2011 Activit\u00e9s de l&rsquo;Association: &#8211; R\u00e9union Rh\u00f4ne Alpes le 16 mars 2011 &#8211; C\u00e9r\u00e9monie P\u00e9lussin le 18 mai 2011 &#8211; Meeting sur BA 113 St Dizier les 18 et 19 juin 2011 &#8211; 7\u00b0 Salon des peintres de l&rsquo;air le 22 juin 2011 &#8211; [&hellip;]<\/p>\n","protected":false},"author":4,"featured_media":0,"parent":0,"menu_order":0,"comment_status":"closed","ping_status":"closed","template":"","meta":[],"_links":{"self":[{"href":"http:\/\/www.aaesor721.fr\/index.php\/wp-json\/wp\/v2\/pages\/656"}],"collection":[{"href":"http:\/\/www.aaesor721.fr\/index.php\/wp-json\/wp\/v2\/pages"}],"about":[{"href":"http:\/\/www.aaesor721.fr\/index.php\/wp-json\/wp\/v2\/types\/page"}],"author":[{"embeddable":true,"href":"http:\/\/www.aaesor721.fr\/index.php\/wp-json\/wp\/v2\/users\/4"}],"replies":[{"embeddable":true,"href":"http:\/\/www.aaesor721.fr\/index.php\/wp-json\/wp\/v2\/comments?post=656"}],"version-history":[{"count":9,"href":"http:\/\/www.aaesor721.fr\/index.php\/wp-json\/wp\/v2\/pages\/656\/revisions"}],"predecessor-version":[{"id":1176,"href":"http:\/\/www.aaesor721.fr\/index.php\/wp-json\/wp\/v2\/pages\/656\/revisions\/1176"}],"wp:attachment":[{"href":"http:\/\/www.aaesor721.fr\/index.php\/wp-json\/wp\/v2\/media?parent=656"}],"curies":[{"name":"wp","href":"https:\/\/api.w.org\/{rel}","templated":true}]}}