{"id":630,"date":"2020-01-14T13:33:23","date_gmt":"2020-01-14T12:33:23","guid":{"rendered":"http:\/\/www.aaesor721.fr\/?page_id=630"},"modified":"2020-10-20T15:22:59","modified_gmt":"2020-10-20T13:22:59","slug":"sommaire-mille-pattes-n-5-novembre-2003","status":"publish","type":"page","link":"http:\/\/www.aaesor721.fr\/index.php\/sommaire-mille-pattes-n-5-novembre-2003\/","title":{"rendered":"Sommaire Mille Pattes n\u00b0 5 \/ Novembre 2003"},"content":{"rendered":"<p class=\"western\" style=\"text-align: left;\"><span style=\"font-family: Arial, sans-serif; font-size: 10pt; color: #000000;\">Le mot du Pr\u00e9sident<\/span><\/p>\n<p class=\"western\" style=\"text-align: left;\"><a href=\"http:\/\/www.aaesor721.fr\/wp-content\/uploads\/2020\/04\/colonel_victor_dudret-compressed.pdf\" target=\"_blank\" rel=\"noopener noreferrer\"><span style=\"font-family: Arial, sans-serif; font-size: 10pt; color: #000000;\">Colonel Victor Dudret<\/span><\/a><\/p>\n<p class=\"western\" style=\"text-align: left;\"><a href=\"http:\/\/www.aaesor721.fr\/wp-content\/uploads\/2020\/02\/Promotion-Adj-Pierre-G\u00e9mot.pdf\" target=\"_blank\" rel=\"noopener noreferrer\"><span style=\"font-family: Arial, sans-serif; font-size: 10pt; color: #000000;\">Promotion Adjudant Pierre G\u00e9mot<\/span><\/a><\/p>\n<p class=\"western\" style=\"text-align: left;\"><a href=\"http:\/\/www.aaesor721.fr\/wp-content\/uploads\/2020\/10\/Compte-rendu-AG-2003-min.pdf\" target=\"_blank\" rel=\"noopener noreferrer\"><span style=\"background-color: yellow; font-family: Arial, sans-serif; font-size: 10pt; color: #000000;\">Compte-rendu AG 2003<\/span><\/a><\/p>\n<p class=\"western\" style=\"text-align: left;\"><span style=\"font-family: Arial, sans-serif; font-size: 10pt; color: #000000;\">Rapport financier exercice 2002<\/span><\/p>\n<p class=\"western\" style=\"text-align: left;\"><span style=\"font-family: Arial, sans-serif; font-size: 10pt; color: #000000;\">Des Ailes et des Hommes \u00e0 Villeneuve sur Lot<\/span><\/p>\n<p class=\"western\" style=\"text-align: left;\"><span style=\"font-family: Arial, sans-serif; font-size: 10pt; color: #000000;\">\u00c9cho d&rsquo;Afrique<\/span><\/p>\n<p class=\"western\" style=\"text-align: left;\"><span style=\"font-family: Arial, sans-serif; font-size: 10pt; color: #000000;\">Histoire -Tradition &#8211; Nostalgie<\/span><\/p>\n<p class=\"western\" style=\"text-align: left;\"><a href=\"http:\/\/www.aaesor721.fr\/wp-content\/uploads\/2020\/10\/Rochefort-citadelle-embl\u00e9matique-1-min.pdf\" target=\"_blank\" rel=\"noopener noreferrer\"><span style=\"background-color: yellow; font-family: Arial, sans-serif; font-size: 10pt; color: #000000;\">&#8211; \u00c9coutez le revivre de J.P Besanceney: Rochefort, citadelle embl\u00e9matique (1)<\/span><\/a><\/p>\n<p class=\"western\" style=\"text-align: left;\"><span style=\"font-family: Arial, sans-serif; font-size: 10pt; color: #000000;\">La vie des R\u00e9gions:<\/span><\/p>\n<p class=\"western\" style=\"text-align: left;\"><span style=\"font-family: Arial, sans-serif; font-size: 10pt; color: #000000;\">Haute Normandie<\/span><\/p>\n<p class=\"western\" style=\"text-align: left;\"><a href=\"http:\/\/www.aaesor721.fr\/wp-content\/uploads\/2020\/02\/LAAESOR-au-meeting-d\u00c9vreux.pdf\" target=\"_blank\" rel=\"noopener noreferrer\"><span style=\"font-family: Arial, sans-serif; font-size: 10pt; color: #000000;\">&#8211; L&rsquo;AAESOR au meeting d&rsquo;\u00c9vreux<\/span><\/a><\/p>\n<p class=\"western\" style=\"text-align: left;\"><span style=\"font-family: Arial, sans-serif; font-size: 10pt; color: #000000;\">Aquitaine<\/span><\/p>\n<p class=\"western\" style=\"text-align: left;\"><a href=\"http:\/\/www.aaesor721.fr\/wp-content\/uploads\/2020\/04\/mini_croisiere_sur_le_canal-compressed.pdf\" target=\"_blank\" rel=\"noopener noreferrer\"><span style=\"font-family: Arial, sans-serif; font-size: 10pt; color: #000000;\">&#8211; Mini croisi\u00e8re sur le canal lat\u00e9ral \u00e0 la Garonne<\/span><\/a><\/p>\n<p class=\"western\" style=\"text-align: left;\"><span style=\"font-family: Arial, sans-serif; font-size: 10pt; color: #000000;\">Les Infos<\/span><\/p>\n<p class=\"western\" style=\"text-align: left;\"><span style=\"font-family: Arial, sans-serif; font-size: 10pt; color: #000000;\">&#8211; Sous-officier sp\u00e9cialiste<\/span><\/p>\n<p class=\"western\" style=\"text-align: left;\"><span style=\"font-family: Arial, sans-serif; font-size: 10pt; color: #000000;\">&#8211; Les sp\u00e9cialit\u00e9s<\/span><\/p>\n<p class=\"western\" style=\"text-align: left;\"><span style=\"font-family: Arial, sans-serif; font-size: 10pt; color: #000000;\">&#8211; Recrutement &#8211; cycle de formation<\/span><\/p>\n<p class=\"western\" style=\"text-align: left;\"><span style=\"font-family: Arial, sans-serif; font-size: 10pt; color: #000000;\">&#8211; Les m\u00e9tiers de l&rsquo;Arm\u00e9e de l&rsquo;air<\/span><\/p>\n<p class=\"western\" style=\"text-align: left;\"><span style=\"font-family: Arial, sans-serif; font-size: 10pt; color: #000000;\">&#8211; Association Solid&rsquo;air<\/span><\/p>\n<p class=\"western\" style=\"text-align: left;\"><span style=\"font-family: Arial, sans-serif; font-size: 10pt; color: #000000;\">&#8211; Amicale des anciens de la 11\u00e8me Escadre de Chasse<\/span><\/p>\n<p class=\"western\" style=\"text-align: left;\"><span style=\"font-family: Arial, sans-serif; font-size: 10pt; color: #000000;\">La boutique<\/span><\/p>\n<p class=\"western\" style=\"text-align: left;\"><span style=\"font-family: Arial, sans-serif; font-size: 10pt; color: #000000;\">D\u00e9corations<\/span><\/p>\n<p class=\"western\" style=\"text-align: left;\"><span style=\"font-family: Arial, sans-serif; font-size: 10pt; color: #000000;\">Additif de l&rsquo;annuaire<\/span><\/p>\n","protected":false},"excerpt":{"rendered":"<p>Le mot du Pr\u00e9sident Colonel Victor Dudret Promotion Adjudant Pierre G\u00e9mot Compte-rendu AG 2003 Rapport financier exercice 2002 Des Ailes et des Hommes \u00e0 Villeneuve sur Lot \u00c9cho d&rsquo;Afrique Histoire -Tradition &#8211; Nostalgie &#8211; \u00c9coutez le revivre de J.P Besanceney: Rochefort, citadelle embl\u00e9matique (1) La vie des R\u00e9gions: Haute Normandie &#8211; L&rsquo;AAESOR au meeting d&rsquo;\u00c9vreux [&hellip;]<\/p>\n","protected":false},"author":4,"featured_media":0,"parent":0,"menu_order":0,"comment_status":"closed","ping_status":"closed","template":"","meta":[],"_links":{"self":[{"href":"http:\/\/www.aaesor721.fr\/index.php\/wp-json\/wp\/v2\/pages\/630"}],"collection":[{"href":"http:\/\/www.aaesor721.fr\/index.php\/wp-json\/wp\/v2\/pages"}],"about":[{"href":"http:\/\/www.aaesor721.fr\/index.php\/wp-json\/wp\/v2\/types\/page"}],"author":[{"embeddable":true,"href":"http:\/\/www.aaesor721.fr\/index.php\/wp-json\/wp\/v2\/users\/4"}],"replies":[{"embeddable":true,"href":"http:\/\/www.aaesor721.fr\/index.php\/wp-json\/wp\/v2\/comments?post=630"}],"version-history":[{"count":8,"href":"http:\/\/www.aaesor721.fr\/index.php\/wp-json\/wp\/v2\/pages\/630\/revisions"}],"predecessor-version":[{"id":1361,"href":"http:\/\/www.aaesor721.fr\/index.php\/wp-json\/wp\/v2\/pages\/630\/revisions\/1361"}],"wp:attachment":[{"href":"http:\/\/www.aaesor721.fr\/index.php\/wp-json\/wp\/v2\/media?parent=630"}],"curies":[{"name":"wp","href":"https:\/\/api.w.org\/{rel}","templated":true}]}}