{"id":518,"date":"2019-12-14T22:14:03","date_gmt":"2019-12-14T21:14:03","guid":{"rendered":"http:\/\/www.aaesor721.fr\/?page_id=518"},"modified":"2025-08-01T08:57:27","modified_gmt":"2025-08-01T06:57:27","slug":"delegues-regionaux-de-laaesor","status":"publish","type":"page","link":"http:\/\/www.aaesor721.fr\/index.php\/delegues-regionaux-de-laaesor\/","title":{"rendered":"D\u00e9l\u00e9gu\u00e9s r\u00e9gionaux de l&rsquo;AAESOR"},"content":{"rendered":"<table style=\"border-collapse: collapse; width: 100%; height: 317px;\" border=\"1\">\n<tbody>\n<tr style=\"height: 221px;\">\n<td style=\"width: 25%; text-align: center; height: 221px;\"><a href=\"http:\/\/www.aaesor721.fr\/wp-content\/uploads\/2019\/12\/Mr-Dalloz_2.jpg\"><img decoding=\"async\" loading=\"lazy\" class=\"wp-image-496 alignnone\" src=\"http:\/\/www.aaesor721.fr\/wp-content\/uploads\/2019\/12\/Mr-Dalloz_2.jpg\" alt=\"\" width=\"145\" height=\"199\" srcset=\"http:\/\/www.aaesor721.fr\/wp-content\/uploads\/2019\/12\/Mr-Dalloz_2.jpg 323w, http:\/\/www.aaesor721.fr\/wp-content\/uploads\/2019\/12\/Mr-Dalloz_2-219x300.jpg 219w\" sizes=\"(max-width: 145px) 100vw, 145px\" \/><\/a><\/p>\n<p><span style=\"color: #000000; font-family: arial, helvetica, sans-serif; font-size: 10pt;\">JC Dalloz<\/span><\/td>\n<td style=\"width: 25%; text-align: center; height: 221px;\"><a href=\"http:\/\/www.aaesor721.fr\/wp-content\/uploads\/2018\/12\/jeanpierre-TRON.jpg\"><img decoding=\"async\" loading=\"lazy\" class=\"wp-image-96 alignnone\" src=\"http:\/\/www.aaesor721.fr\/wp-content\/uploads\/2018\/12\/jeanpierre-TRON.jpg\" alt=\"Jean-Pierre Tron - Vice Pr\u00e9sident\" width=\"163\" height=\"200\" \/><\/a><\/p>\n<p><span style=\"color: #000000; font-family: arial, helvetica, sans-serif; font-size: 10pt;\">JP Tron<\/span><\/td>\n<td style=\"width: 25%; text-align: center; height: 221px;\"><img decoding=\"async\" loading=\"lazy\" class=\"alignnone wp-image-2389\" src=\"http:\/\/www.aaesor721.fr\/wp-content\/uploads\/2024\/11\/P-Pennerat-223x300.jpg\" alt=\"\" width=\"145\" height=\"195\" srcset=\"http:\/\/www.aaesor721.fr\/wp-content\/uploads\/2024\/11\/P-Pennerat-223x300.jpg 223w, http:\/\/www.aaesor721.fr\/wp-content\/uploads\/2024\/11\/P-Pennerat-760x1024.jpg 760w, http:\/\/www.aaesor721.fr\/wp-content\/uploads\/2024\/11\/P-Pennerat-768x1035.jpg 768w, http:\/\/www.aaesor721.fr\/wp-content\/uploads\/2024\/11\/P-Pennerat-1140x1536.jpg 1140w, http:\/\/www.aaesor721.fr\/wp-content\/uploads\/2024\/11\/P-Pennerat.jpg 1393w\" sizes=\"(max-width: 145px) 100vw, 145px\" \/>P Pennerat<\/td>\n<td style=\"width: 25%; height: 221px; text-align: center;\"><img decoding=\"async\" loading=\"lazy\" class=\"alignnone wp-image-2464\" src=\"http:\/\/www.aaesor721.fr\/wp-content\/uploads\/2025\/07\/IMG_20250716_143921-1-285x300.jpg\" alt=\"\" width=\"263\" height=\"277\" srcset=\"http:\/\/www.aaesor721.fr\/wp-content\/uploads\/2025\/07\/IMG_20250716_143921-1-285x300.jpg 285w, http:\/\/www.aaesor721.fr\/wp-content\/uploads\/2025\/07\/IMG_20250716_143921-1-971x1024.jpg 971w, http:\/\/www.aaesor721.fr\/wp-content\/uploads\/2025\/07\/IMG_20250716_143921-1-768x810.jpg 768w, http:\/\/www.aaesor721.fr\/wp-content\/uploads\/2025\/07\/IMG_20250716_143921-1-1457x1536.jpg 1457w, http:\/\/www.aaesor721.fr\/wp-content\/uploads\/2025\/07\/IMG_20250716_143921-1-1943x2048.jpg 1943w\" sizes=\"(max-width: 263px) 100vw, 263px\" \/><\/p>\n<p><span style=\"font-family: arial, helvetica, sans-serif; font-size: 10pt; color: #000000;\">JM Gravier<\/span><\/td>\n<\/tr>\n<tr style=\"height: 24px;\">\n<td style=\"width: 25%; text-align: center; height: 24px;\"><span style=\"font-size: 10pt;\"><strong><span style=\"font-family: arial, helvetica, sans-serif; color: black; font-size: 12pt;\">Centre &#8211; Val de Loire<\/span><\/strong><\/span><\/td>\n<td style=\"width: 25%; text-align: center; height: 24px;\"><span style=\"font-size: 10pt;\"><strong><span style=\"font-family: arial, helvetica, sans-serif; color: black; font-size: 12pt;\">Paris &#8211; Ile de France<\/span><\/strong><\/span><\/td>\n<td style=\"width: 25%; text-align: center; height: 24px;\"><span style=\"font-size: 10pt;\"><strong><span style=\"font-family: arial, helvetica, sans-serif; color: black; font-size: 12pt;\">Limousin &#8211; Poitou- Charentes<\/span><\/strong><\/span><\/td>\n<td style=\"width: 25%; text-align: center; height: 24px;\"><span style=\"font-size: 10pt;\"><strong><span style=\"font-family: arial, helvetica, sans-serif; color: black; font-size: 12pt;\">Champagne Ardennes<\/span><\/strong><\/span><\/td>\n<\/tr>\n<tr style=\"height: 24px;\">\n<td style=\"width: 25%; height: 24px; text-align: center;\">\u00a0<a href=\"http:\/\/www.aaesor721.fr\/wp-content\/uploads\/2019\/12\/Manssens.jpg\"><img decoding=\"async\" loading=\"lazy\" class=\"wp-image-520 alignnone\" src=\"http:\/\/www.aaesor721.fr\/wp-content\/uploads\/2019\/12\/Manssens.jpg\" alt=\"\" width=\"167\" height=\"210\" \/><\/a><br \/>\n<span style=\"color: #000000; font-family: arial, helvetica, sans-serif; font-size: 10pt;\">G Manssens<\/span><\/td>\n<td style=\"width: 25%; height: 24px; text-align: center;\"><img decoding=\"async\" loading=\"lazy\" class=\"alignnone wp-image-2463\" src=\"http:\/\/www.aaesor721.fr\/wp-content\/uploads\/2025\/07\/IMG_1772-225x300.jpeg\" alt=\"\" width=\"158\" height=\"210\" srcset=\"http:\/\/www.aaesor721.fr\/wp-content\/uploads\/2025\/07\/IMG_1772-225x300.jpeg 225w, http:\/\/www.aaesor721.fr\/wp-content\/uploads\/2025\/07\/IMG_1772-768x1024.jpeg 768w, http:\/\/www.aaesor721.fr\/wp-content\/uploads\/2025\/07\/IMG_1772-1152x1536.jpeg 1152w, http:\/\/www.aaesor721.fr\/wp-content\/uploads\/2025\/07\/IMG_1772-1536x2048.jpeg 1536w, http:\/\/www.aaesor721.fr\/wp-content\/uploads\/2025\/07\/IMG_1772-scaled.jpeg 1920w\" sizes=\"(max-width: 158px) 100vw, 158px\" \/><br \/>\n<span style=\"font-family: arial, helvetica, sans-serif; font-size: 10pt; color: #000000;\">JP Chevrier<\/span><\/td>\n<td style=\"width: 25%; height: 24px; text-align: center;\"><a href=\"http:\/\/www.aaesor721.fr\/wp-content\/uploads\/2019\/12\/Deleau.jpg\"><img decoding=\"async\" loading=\"lazy\" class=\"wp-image-523 alignnone\" src=\"http:\/\/www.aaesor721.fr\/wp-content\/uploads\/2019\/12\/Deleau.jpg\" alt=\"\" width=\"142\" height=\"213\" srcset=\"http:\/\/www.aaesor721.fr\/wp-content\/uploads\/2019\/12\/Deleau.jpg 4000w, http:\/\/www.aaesor721.fr\/wp-content\/uploads\/2019\/12\/Deleau-200x300.jpg 200w, http:\/\/www.aaesor721.fr\/wp-content\/uploads\/2019\/12\/Deleau-768x1152.jpg 768w, http:\/\/www.aaesor721.fr\/wp-content\/uploads\/2019\/12\/Deleau-683x1024.jpg 683w\" sizes=\"(max-width: 142px) 100vw, 142px\" \/><\/a><\/p>\n<p><a href=\"http:\/\/www.aaesor721.fr\/wp-content\/uploads\/2019\/12\/Deleau.jpg\"><span style=\"font-family: arial, helvetica, sans-serif; font-size: 10pt; color: #000000;\">J Deleau<\/span><\/a><\/td>\n<td style=\"width: 25%; height: 24px; text-align: center;\"><\/td>\n<\/tr>\n<tr style=\"height: 24px;\">\n<td style=\"width: 25%; text-align: center; height: 24px;\"><span style=\"font-size: 10pt;\"><strong><span style=\"font-family: arial, helvetica, sans-serif; color: black; font-size: 12pt;\">Hauts de France<\/span><\/strong><\/span><\/td>\n<td style=\"width: 25%; text-align: center; height: 24px;\"><span style=\"font-size: 10pt;\"><strong><span style=\"font-family: arial, helvetica, sans-serif; color: black; font-size: 12pt;\">\u00a0Aquitaine &#8211; Occitanie<\/span><\/strong><\/span><\/td>\n<td style=\"width: 25%; text-align: center; height: 24px;\"><span style=\"font-size: 10pt;\"><strong><span style=\"font-family: arial, helvetica, sans-serif; color: black; font-size: 12pt;\">Paca<\/span><\/strong><\/span><\/td>\n<td style=\"width: 25%; text-align: center; height: 24px;\"><\/td>\n<\/tr>\n<tr style=\"height: 24px;\">\n<td style=\"width: 25%; height: 24px; text-align: center;\" colspan=\"4\"><a href=\"http:\/\/www.aaesor721.fr\/wp-content\/uploads\/2019\/12\/Nouvelles-r\u00e9gions-FT.png\"><img decoding=\"async\" loading=\"lazy\" class=\"aligncenter wp-image-524\" src=\"http:\/\/www.aaesor721.fr\/wp-content\/uploads\/2019\/12\/Nouvelles-r\u00e9gions-FT.png\" alt=\"\" width=\"392\" height=\"423\" srcset=\"http:\/\/www.aaesor721.fr\/wp-content\/uploads\/2019\/12\/Nouvelles-r\u00e9gions-FT.png 783w, http:\/\/www.aaesor721.fr\/wp-content\/uploads\/2019\/12\/Nouvelles-r\u00e9gions-FT-278x300.png 278w, http:\/\/www.aaesor721.fr\/wp-content\/uploads\/2019\/12\/Nouvelles-r\u00e9gions-FT-768x828.png 768w\" sizes=\"(max-width: 392px) 100vw, 392px\" \/><\/a><\/td>\n<\/tr>\n<\/tbody>\n<\/table>\n","protected":false},"excerpt":{"rendered":"<p>JC Dalloz JP Tron P Pennerat JM Gravier Centre &#8211; Val de Loire Paris &#8211; Ile de France Limousin &#8211; Poitou- Charentes Champagne Ardennes \u00a0 G Manssens JP Chevrier J Deleau Hauts de France \u00a0Aquitaine &#8211; Occitanie Paca<\/p>\n","protected":false},"author":4,"featured_media":0,"parent":0,"menu_order":0,"comment_status":"closed","ping_status":"closed","template":"","meta":[],"_links":{"self":[{"href":"http:\/\/www.aaesor721.fr\/index.php\/wp-json\/wp\/v2\/pages\/518"}],"collection":[{"href":"http:\/\/www.aaesor721.fr\/index.php\/wp-json\/wp\/v2\/pages"}],"about":[{"href":"http:\/\/www.aaesor721.fr\/index.php\/wp-json\/wp\/v2\/types\/page"}],"author":[{"embeddable":true,"href":"http:\/\/www.aaesor721.fr\/index.php\/wp-json\/wp\/v2\/users\/4"}],"replies":[{"embeddable":true,"href":"http:\/\/www.aaesor721.fr\/index.php\/wp-json\/wp\/v2\/comments?post=518"}],"version-history":[{"count":31,"href":"http:\/\/www.aaesor721.fr\/index.php\/wp-json\/wp\/v2\/pages\/518\/revisions"}],"predecessor-version":[{"id":2603,"href":"http:\/\/www.aaesor721.fr\/index.php\/wp-json\/wp\/v2\/pages\/518\/revisions\/2603"}],"wp:attachment":[{"href":"http:\/\/www.aaesor721.fr\/index.php\/wp-json\/wp\/v2\/media?parent=518"}],"curies":[{"name":"wp","href":"https:\/\/api.w.org\/{rel}","templated":true}]}}