{"id":380,"date":"2020-09-19T20:36:34","date_gmt":"2020-09-19T18:36:34","guid":{"rendered":"http:\/\/www.aaesor721.fr\/?page_id=380"},"modified":"2020-10-21T20:58:21","modified_gmt":"2020-10-21T18:58:21","slug":"historique-de-lecole-des-apprentis-mecaniciens-a-a","status":"publish","type":"page","link":"http:\/\/www.aaesor721.fr\/index.php\/historique-de-lecole-des-apprentis-mecaniciens-a-a\/","title":{"rendered":"Historique de l&rsquo;\u00c9cole des Apprentis M\u00e9caniciens A.A"},"content":{"rendered":"<div style=\"height: 700px; overflow: auto;\">\n<h2 style=\"text-align: center;\"><span style=\"color: #000000;\">1 &#8211; La D\u00e9cision<\/span><\/h2>\n<p style=\"color: #000000; text-align: justify;\">L&rsquo;\u00c9cole qui forme \u00e0 leur m\u00e9tier les m\u00e9caniciens de l&rsquo;Arm\u00e9e de l&rsquo;air porte aujourd&rsquo;hui le nom d&rsquo;EFSOAA, \u00c9cole de Formation des Sous Officiers de l&rsquo;Arm\u00e9e de l&rsquo;Air et se trouve sur la base a\u00e9rienne 721 de Saint Agnant au sud de Rochefort. Rochefort leur apprend la th\u00e9orie de base puis, \u00e0 leur sortie, affect\u00e9s dans une unit\u00e9 \u00e0 vocation a\u00e9rienne, ils se sp\u00e9cialisent sur le mat\u00e9riel (mat\u00e9riel a\u00e9rien ou mat\u00e9riel sol) en service dans cette unit\u00e9. Cette \u00e9cole assume une mission interarmes puisqu&rsquo;en plus de former tous les m\u00e9canos de l&rsquo;AA, elle forme \u00e0 ce m\u00eame m\u00e9tier les m\u00e9caniciens \u00ab\u00a0h\u00e9lico\u00a0\u00bb de l&rsquo;ALAT (Aviation L\u00e9g\u00e8re de l&rsquo;Arm\u00e9e de Terre), de l&rsquo;A\u00e9ronavale et de la Gendarmerie. De plus elle assume la formation militaire initiale de tous les sous-officiers de l&rsquo;arm\u00e9e de l&rsquo;air, m\u00eame les non m\u00e9caniciens (les pompiers, les secr\u00e9taires, les informaticiens, etc.).<\/p>\n<p style=\"color: #000000; text-align: justify;\">Cela c&rsquo;est son activit\u00e9 d&rsquo;aujourd&rsquo;hui, suite aux n\u00e9cessaires mesures de concentration et de valorisation des comp\u00e9tences sur un m\u00eame site d\u00e9cid\u00e9es au d\u00e9but des ann\u00e9es 2000. Cela n&rsquo;a pas toujours \u00e9t\u00e9 le cas. Les nombreux sous-officiers sp\u00e9cialistes et administratifs dont l&rsquo;arm\u00e9e de l&rsquo;air a besoin pour assurer la maintenance de ses mat\u00e9riels techniques (avions, moteurs, radars) et la gestion de ses personnels \u00e9taient autrefois form\u00e9s dans des \u00e9coles r\u00e9parties sur tout le territoire et ne passaient pas forc\u00e9ment par Rochefort. Aujourd&rsquo;hui, tous passent ici, au moins au d\u00e9but de leur carri\u00e8re.<\/p>\n<p style=\"color: #000000; text-align: justify;\">Les m\u00e9caniciens avions et moteurs, radios, \u00e9lectriciens, \u00e9quipements bord, armuriers, puis plus tard radars, ceux l\u00e0 ont \u00e9t\u00e9 form\u00e9s \u00e0 Rochefort depuis sa cr\u00e9ation. Car la base de Rochefort \u00e0 une histoire, une longue histoire bient\u00f4t centenaire. Suivons-la en m\u00eame temps que celle de la naissance de l&rsquo;aviation militaire et de ses besoins en m\u00e9caniciens.<\/p>\n<ul style=\"list-style-type: none;\">\n<li style=\"list-style-type: none;\">\n<ul style=\"list-style-type: none;\">\n<li style=\"color: #000000; text-align: justify;\">1 &#8211; AVANT-HIER, L&rsquo;A\u00c9RONAUTIQUE MILITAIRE<\/li>\n<\/ul>\n<\/li>\n<\/ul>\n<p style=\"color: #000000; text-align: justify;\">Au d\u00e9but de la premi\u00e8re guerre mondiale, l&rsquo;aviation militaire fran\u00e7aise compte 148 a\u00e9roplanes et rend ses premiers services dans des t\u00e2ches d&rsquo;observation puis l&rsquo;augmentation de ses effectifs en appareils de toutes sortes, chasse, reconnaissance, bombardement, entraine un besoin cons\u00e9quent en personnel d&rsquo;entretien et de maintenance. Rien n&rsquo;existe dans le milieu militaire pour y subvenir et jusqu&rsquo;en 1916 les m\u00e9caniciens sont quasiment \u00ab\u00a0form\u00e9s sur le tas\u00a0\u00bb dans les escadrilles. Cette ann\u00e9e l\u00e0, une premi\u00e8re \u00e9cole militaire de formation de m\u00e9caniciens voit enfin le jour sous la forme d&rsquo;un \u00ab\u00a0Centre de Perfectionnement des Sp\u00e9cialistes de l&rsquo;Aviation\u00a0\u00bb \u00e0 Bordeaux-Nord qui formera les m\u00e9caniciens jusqu&rsquo;a la fin des hostilit\u00e9s.<\/p>\n<p style=\"color: #000000; text-align: justify;\">Dans les ann\u00e9es 20, cette \u00e9cole devient le \u00ab\u00a0Centre d&rsquo;Instruction des Sp\u00e9cialistes de l&rsquo;Aviation\u00a0\u00bb et son site de r\u00e9sidence prend le nom de Camp Guynemer.<\/p>\n<table>\n<tbody>\n<tr>\n<td><a href=\"http:\/\/www.aaesor721.fr\/wp-content\/uploads\/2020\/07\/Camp-Guynemer_4.jpg\"><img decoding=\"async\" loading=\"lazy\" class=\"aligncenter size-full wp-image-1261\" src=\"http:\/\/www.aaesor721.fr\/wp-content\/uploads\/2020\/07\/Camp-Guynemer_4.jpg\" alt=\"\" width=\"auto\" height=\"200\" srcset=\"http:\/\/www.aaesor721.fr\/wp-content\/uploads\/2020\/07\/Camp-Guynemer_4.jpg 999w, http:\/\/www.aaesor721.fr\/wp-content\/uploads\/2020\/07\/Camp-Guynemer_4-300x193.jpg 300w, http:\/\/www.aaesor721.fr\/wp-content\/uploads\/2020\/07\/Camp-Guynemer_4-768x495.jpg 768w\" sizes=\"(max-width: 999px) 100vw, 999px\" \/><\/a><\/td>\n<td style=\"padding-left: 10px;\"><a href=\"http:\/\/www.aaesor721.fr\/wp-content\/uploads\/2020\/07\/Camp-Guynemer_2.jpg\"><img decoding=\"async\" loading=\"lazy\" class=\"aligncenter size-full wp-image-1260\" src=\"http:\/\/www.aaesor721.fr\/wp-content\/uploads\/2020\/07\/Camp-Guynemer_2.jpg\" alt=\"\" width=\"auto\" height=\"200\" srcset=\"http:\/\/www.aaesor721.fr\/wp-content\/uploads\/2020\/07\/Camp-Guynemer_2.jpg 955w, http:\/\/www.aaesor721.fr\/wp-content\/uploads\/2020\/07\/Camp-Guynemer_2-300x193.jpg 300w, http:\/\/www.aaesor721.fr\/wp-content\/uploads\/2020\/07\/Camp-Guynemer_2-768x493.jpg 768w\" sizes=\"(max-width: 955px) 100vw, 955px\" \/><\/a><\/td>\n<\/tr>\n<tr>\n<td style=\"color: #000000; text-align: center;\" colspan=\"2\">Le Camp Guynemer \u00e0 Bordeaux-Nord<\/td>\n<\/tr>\n<\/tbody>\n<\/table>\n<p style=\"color: #000000; text-align: justify;\">Cependant ce site ne forme gu\u00e8re plus de deux cent \u00e9l\u00e8ves par an et les besoins en m\u00e9caniciens de l&rsquo;a\u00e9ronautique militaire sont loin d&rsquo;\u00eatre satisfaits. Il est alors fait appel au concours de trois \u00e9coles civiles ce qui entraine en plus de grandes disparit\u00e9s dans la formation des personnels.<\/p>\n<ul style=\"list-style-type: none;\">\n<li style=\"list-style-type: none;\">\n<ul style=\"list-style-type: none;\">\n<li style=\"color: #000000; text-align: justify;\">2 &#8211; HIER, L&rsquo;ARM\u00c9E DE L&rsquo;AIR<\/li>\n<\/ul>\n<\/li>\n<\/ul>\n<p style=\"color: #000000; text-align: justify;\">En 1928, le minist\u00e8re de l&rsquo;Air est cr\u00e9\u00e9. D\u00e8s lors, la Direction de l&rsquo;aviation militaire \u00e9voque le besoin d&rsquo;une \u00e9cole unique de formation de ses personnels techniques. Un site est choisi qui d\u00e9j\u00e0 forme des m\u00e9caniciens pour les hydravions et dirigeables de la Marine: il s&rsquo;agit de Rochefort sur mer.<\/p>\n<p style=\"color: #000000; text-align: justify;\">C&rsquo;est le 9 juillet 1932 que monsieur Albert Lebrun, pr\u00e9sident de la R\u00e9publique, signe le d\u00e9cret portant cr\u00e9ation de \u00a0\u00bb L&rsquo;\u00c9cole des apprentis m\u00e9caniciens des forces a\u00e9riennes\u00a0\u00bb. L&rsquo;Arm\u00e9e de l&rsquo;air nait d&rsquo;un d\u00e9cret du1er avril 1933 et l&rsquo;\u00e9cole devient \u00ab\u00a0\u00c9cole des apprentis m\u00e9caniciens de l&rsquo;arm\u00e9e de l&rsquo;air\u00a0\u00bb d\u00e8s le 1er ao\u00fbt 1933. L&rsquo;AA n&rsquo;existera comme arme ind\u00e9pendante qu&rsquo;\u00e0 partir du 2 juillet 1934.<\/p>\n<ul style=\"list-style-type: none;\">\n<li style=\"list-style-type: none;\">\n<ul style=\"list-style-type: none;\">\n<li style=\"color: #000000; text-align: justify; padding-left: 15px;\">2.1 &#8211; LA D\u00c9CISION EST PRISE<\/li>\n<\/ul>\n<\/li>\n<\/ul>\n<p style=\"color: #000000; text-align: justify;\">Par \u00ab\u00a0Ordre de service \u00e0 entrepreneur\u00a0\u00bb n\u00b0 47 du 29 Octobre 1931, l\u2019entreprise ROUZAUD, 8 rue de l\u2019\u00c9chelle \u00e0 Paris 1er, est inform\u00e9e qu&rsquo;elle a \u00e9t\u00e9 choisie au terme de l\u2019appel \u00e0 concurrence et qu\u2019elle peut imm\u00e9diatement d\u00e9buter les travaux de la premi\u00e8re tranche de l\u2019\u00c9cole des M\u00e9caniciens. La ma\u00eetrise d\u2019ouvrage sera assur\u00e9e par l\u2019administration des Travaux Maritimes. En effet l\u2019\u00e9cole des m\u00e9caniciens des forces a\u00e9riennes sera construite sur le terrain dit de Soubise appartenant \u00e0 la Marine. (Pour info, ce terrain n&rsquo;est aucunement situ\u00e9 sur la commune de Soubise mais sur celle de Rochefort au Nord de la Charente).<\/p>\n<p style=\"color: #000000; text-align: justify;\">Cette \u00e9cole comportera: un PC (poste de commandement), des ateliers et salles de cours o\u00f9 sera assur\u00e9e la formation des \u00e9l\u00e8ves et deux zones vies, une pour les cadres et une pour les \u00e9l\u00e8ves, compos\u00e9es de b\u00e2timents d\u00e9di\u00e9s au logement, \u00e0 la restauration et aux loisirs. Une infirmerie assurera les soins m\u00e9dicaux pour tous les personnels.<\/p>\n<p style=\"color: #000000; text-align: justify;\">Sa construction d\u00e9butera donc en 1931 et s&rsquo;\u00e9talera jusqu&rsquo;en 1933 mais la premi\u00e8re promotion de 101 \u00e9l\u00e8ves entre \u00e0 Rochefort le 3 novembre 1932. La seconde d\u00e9butera les cours en octobre 1933 dans la nouvelle \u00e9cole des apprentis m\u00e9caniciens de l&rsquo;arm\u00e9e de l&rsquo;air dite de Rochefort-Soubise.<\/p>\n<ul style=\"list-style-type: none;\">\n<li style=\"list-style-type: none;\">\n<ul style=\"list-style-type: none;\">\n<li style=\"color: #000000; text-align: justify; padding-left: 15px;\">2.2 &#8211; CONSTRUCTION DE L&rsquo;\u00c9COLE<\/li>\n<\/ul>\n<\/li>\n<\/ul>\n<p style=\"color: #000000; text-align: justify;\">C&rsquo;est un vaste chantier qui s&rsquo;ouvre donc sur le terrain dit de Soubise appartenant \u00e0 la Marine. Les zones vie occuperont une surface de 5 hectares (200 m x 250m) et les ateliers et autres b\u00e2timents une surface \u00e0 peu pr\u00e8s \u00e9quivalente. Ce chantier dont voici quelques photos c&rsquo;est donc principalement:<\/p>\n<ul style=\"list-style-type: none;\">\n<li style=\"list-style-type: none;\">\n<ul style=\"list-style-type: none;\">\n<li style=\"list-style-type: none;\">\n<ul style=\"list-style-type: disc; padding-left: 25px;\">\n<li style=\"color: #000000; text-align: justify;\">la construction d&rsquo;un PC (Poste de commandement):<br \/>\nCe PC est construit en bordure de la route dite de Soubise qui \u00e0 cette \u00e9poque \u00e9tait ouverte \u00e0 la circulation publique et rejoignait l&#8217;embarcad\u00e8re du bac qui assurait la liaison Rochefort-Soubise en traversant la Charente.<\/li>\n<\/ul>\n<\/li>\n<\/ul>\n<\/li>\n<\/ul>\n<table>\n<tbody>\n<tr>\n<td><\/td>\n<td style=\"padding-left: 10px;\"><\/td>\n<\/tr>\n<\/tbody>\n<\/table>\n<ul style=\"list-style-type: none;\">\n<li style=\"list-style-type: none;\">\n<ul style=\"list-style-type: none;\">\n<li style=\"list-style-type: none;\">\n<ul style=\"list-style-type: disc; padding-left: 25px;\">\n<li style=\"color: #000000; text-align: justify;\">la construction d&rsquo;ateliers qui jouxtent ce PC \u00e0 l&rsquo;Est<br \/>\nCes ateliers seront donc \u00e9rig\u00e9s le long de cette m\u00eame route de Soubise, dans l&rsquo;alignement du PC<\/li>\n<\/ul>\n<\/li>\n<\/ul>\n<\/li>\n<\/ul>\n<table>\n<tbody>\n<tr>\n<td><a href=\"http:\/\/www.aaesor721.fr\/wp-content\/uploads\/2020\/07\/Chantier-en-BR_06.jpg\"><img decoding=\"async\" loading=\"lazy\" class=\"aligncenter size-full wp-image-1259\" src=\"http:\/\/www.aaesor721.fr\/wp-content\/uploads\/2020\/07\/Chantier-en-BR_06.jpg\" alt=\"\" width=\"auto\" height=\"200\" srcset=\"http:\/\/www.aaesor721.fr\/wp-content\/uploads\/2020\/07\/Chantier-en-BR_06.jpg 1977w, http:\/\/www.aaesor721.fr\/wp-content\/uploads\/2020\/07\/Chantier-en-BR_06-300x206.jpg 300w, http:\/\/www.aaesor721.fr\/wp-content\/uploads\/2020\/07\/Chantier-en-BR_06-1024x703.jpg 1024w, http:\/\/www.aaesor721.fr\/wp-content\/uploads\/2020\/07\/Chantier-en-BR_06-768x527.jpg 768w, http:\/\/www.aaesor721.fr\/wp-content\/uploads\/2020\/07\/Chantier-en-BR_06-1536x1054.jpg 1536w\" sizes=\"(max-width: 1977px) 100vw, 1977px\" \/><\/a><\/td>\n<td style=\"padding-left: 10px;\"><a href=\"http:\/\/www.aaesor721.fr\/wp-content\/uploads\/2020\/07\/Chantier-en-BR_07.jpg\"><img decoding=\"async\" loading=\"lazy\" class=\"aligncenter size-full wp-image-1264\" src=\"http:\/\/www.aaesor721.fr\/wp-content\/uploads\/2020\/07\/Chantier-en-BR_07.jpg\" alt=\"\" width=\"auto\" height=\"200\" srcset=\"http:\/\/www.aaesor721.fr\/wp-content\/uploads\/2020\/07\/Chantier-en-BR_07.jpg 1957w, http:\/\/www.aaesor721.fr\/wp-content\/uploads\/2020\/07\/Chantier-en-BR_07-300x207.jpg 300w, http:\/\/www.aaesor721.fr\/wp-content\/uploads\/2020\/07\/Chantier-en-BR_07-1024x708.jpg 1024w, http:\/\/www.aaesor721.fr\/wp-content\/uploads\/2020\/07\/Chantier-en-BR_07-768x531.jpg 768w, http:\/\/www.aaesor721.fr\/wp-content\/uploads\/2020\/07\/Chantier-en-BR_07-1536x1062.jpg 1536w\" sizes=\"(max-width: 1957px) 100vw, 1957px\" \/><\/a><\/td>\n<\/tr>\n<tr>\n<td style=\"text-align: center; color: #000000;\" colspan=\"2\">La premi\u00e8re des 7 trav\u00e9es des ateliers: l&rsquo;armature m\u00e9tallique, la trav\u00e9e termin\u00e9e<\/td>\n<\/tr>\n<\/tbody>\n<\/table>\n<ul style=\"list-style-type: none;\">\n<li style=\"list-style-type: none;\">\n<ul style=\"list-style-type: none;\">\n<li style=\"list-style-type: none;\">\n<ul style=\"list-style-type: disc; padding-left: 25px;\">\n<li style=\"color: #000000; text-align: justify;\">la construction d&rsquo;une zone vie cadres (avec une infirmerie). La zone vie cadres consiste en quatre b\u00e2timents logement align\u00e9s en deux lignes de deux. A l&rsquo;extr\u00e9mit\u00e9 des lignes se trouve le mess des sous-officiers dont l&rsquo;acc\u00e8s sera permis par un passage couvert \u00e0 partir des logements. L&rsquo;infirmerie se trouve tout \u00e0 fait \u00e0 l&rsquo;oppos\u00e9 du mess des sous-officiers.<\/li>\n<\/ul>\n<\/li>\n<\/ul>\n<\/li>\n<\/ul>\n<table>\n<tbody>\n<tr>\n<td><a href=\"http:\/\/www.aaesor721.fr\/wp-content\/uploads\/2020\/07\/Chantier-en-BR_18.jpg\"><img decoding=\"async\" loading=\"lazy\" class=\"aligncenter size-full wp-image-1257\" src=\"http:\/\/www.aaesor721.fr\/wp-content\/uploads\/2020\/07\/Chantier-en-BR_18.jpg\" alt=\"\" width=\"auto\" height=\"200\" srcset=\"http:\/\/www.aaesor721.fr\/wp-content\/uploads\/2020\/07\/Chantier-en-BR_18.jpg 2503w, http:\/\/www.aaesor721.fr\/wp-content\/uploads\/2020\/07\/Chantier-en-BR_18-300x223.jpg 300w, http:\/\/www.aaesor721.fr\/wp-content\/uploads\/2020\/07\/Chantier-en-BR_18-1024x761.jpg 1024w, http:\/\/www.aaesor721.fr\/wp-content\/uploads\/2020\/07\/Chantier-en-BR_18-768x571.jpg 768w, http:\/\/www.aaesor721.fr\/wp-content\/uploads\/2020\/07\/Chantier-en-BR_18-1536x1142.jpg 1536w, http:\/\/www.aaesor721.fr\/wp-content\/uploads\/2020\/07\/Chantier-en-BR_18-2048x1523.jpg 2048w\" sizes=\"(max-width: 2503px) 100vw, 2503px\" \/><\/a><\/td>\n<td style=\"padding-left: 10px;\"><a href=\"http:\/\/www.aaesor721.fr\/wp-content\/uploads\/2020\/07\/Chantier-en-BR_12-scaled.jpg\"><img decoding=\"async\" loading=\"lazy\" class=\"aligncenter size-full wp-image-1263\" src=\"http:\/\/www.aaesor721.fr\/wp-content\/uploads\/2020\/07\/Chantier-en-BR_12-scaled.jpg\" alt=\"\" width=\"auto\" height=\"200\" srcset=\"http:\/\/www.aaesor721.fr\/wp-content\/uploads\/2020\/07\/Chantier-en-BR_12-scaled.jpg 2560w, http:\/\/www.aaesor721.fr\/wp-content\/uploads\/2020\/07\/Chantier-en-BR_12-300x209.jpg 300w, http:\/\/www.aaesor721.fr\/wp-content\/uploads\/2020\/07\/Chantier-en-BR_12-1024x713.jpg 1024w, http:\/\/www.aaesor721.fr\/wp-content\/uploads\/2020\/07\/Chantier-en-BR_12-768x535.jpg 768w, http:\/\/www.aaesor721.fr\/wp-content\/uploads\/2020\/07\/Chantier-en-BR_12-1536x1070.jpg 1536w, http:\/\/www.aaesor721.fr\/wp-content\/uploads\/2020\/07\/Chantier-en-BR_12-2048x1426.jpg 2048w\" sizes=\"(max-width: 2560px) 100vw, 2560px\" \/><\/a><\/td>\n<\/tr>\n<tr>\n<td style=\"color: #000000; text-align: center;\" colspan=\"2\">Logements et mess des sous-officiers, phases de la construction<\/td>\n<\/tr>\n<tr>\n<td colspan=\"2\"><a href=\"http:\/\/www.aaesor721.fr\/wp-content\/uploads\/2020\/07\/Chantier-en-BR_14-1.jpg\"><img decoding=\"async\" loading=\"lazy\" class=\"aligncenter size-full wp-image-1268\" src=\"http:\/\/www.aaesor721.fr\/wp-content\/uploads\/2020\/07\/Chantier-en-BR_14-1.jpg\" alt=\"\" width=\"auto\" height=\"200\" srcset=\"http:\/\/www.aaesor721.fr\/wp-content\/uploads\/2020\/07\/Chantier-en-BR_14-1.jpg 950w, http:\/\/www.aaesor721.fr\/wp-content\/uploads\/2020\/07\/Chantier-en-BR_14-1-300x220.jpg 300w, http:\/\/www.aaesor721.fr\/wp-content\/uploads\/2020\/07\/Chantier-en-BR_14-1-768x563.jpg 768w\" sizes=\"(max-width: 950px) 100vw, 950px\" \/><\/a><\/p>\n<p style=\"color: #000000; text-align: center;\">L&rsquo;infirmerie<\/p>\n<\/td>\n<\/tr>\n<\/tbody>\n<\/table>\n<ul style=\"list-style-type: none;\">\n<li style=\"list-style-type: none;\">\n<ul style=\"list-style-type: none;\">\n<li style=\"list-style-type: none;\">\n<ul style=\"list-style-type: disc; padding-left: 25px;\">\n<li style=\"color: #000000; text-align: justify;\">la construction d&rsquo;une zone vie \u00e9l\u00e8ves (avec un r\u00e9fectoire et un foyer-coop\u00e9rative).<br \/>\nCette zone vie consiste en trois casernes dispos\u00e9es en \u00e9ventail, 2 casernes pour 450 apprentis encadrant une caserne pour 350 apprentis dont l&rsquo;architecture est diff\u00e9rente. A l&rsquo;arri\u00e8re des casernes un passage couvert permettra l&rsquo;acc\u00e8s \u00e0 un r\u00e9fectoire. Le foyer est \u00e9rig\u00e9 \u00e0 l&rsquo;autre extr\u00e9mit\u00e9 de la vaste esplanade de rassemblement, face \u00e0 la caserne centrale.<\/li>\n<\/ul>\n<\/li>\n<\/ul>\n<\/li>\n<\/ul>\n<table>\n<tbody>\n<tr>\n<td><a href=\"http:\/\/www.aaesor721.fr\/wp-content\/uploads\/2020\/07\/Chantier-en-BR_05.jpg\"><img decoding=\"async\" loading=\"lazy\" class=\"aligncenter size-full wp-image-1256\" src=\"http:\/\/www.aaesor721.fr\/wp-content\/uploads\/2020\/07\/Chantier-en-BR_05.jpg\" alt=\"\" width=\"auto\" height=\"200\" srcset=\"http:\/\/www.aaesor721.fr\/wp-content\/uploads\/2020\/07\/Chantier-en-BR_05.jpg 1989w, http:\/\/www.aaesor721.fr\/wp-content\/uploads\/2020\/07\/Chantier-en-BR_05-300x200.jpg 300w, http:\/\/www.aaesor721.fr\/wp-content\/uploads\/2020\/07\/Chantier-en-BR_05-1024x682.jpg 1024w, http:\/\/www.aaesor721.fr\/wp-content\/uploads\/2020\/07\/Chantier-en-BR_05-768x512.jpg 768w, http:\/\/www.aaesor721.fr\/wp-content\/uploads\/2020\/07\/Chantier-en-BR_05-1536x1023.jpg 1536w\" sizes=\"(max-width: 1989px) 100vw, 1989px\" \/><\/a><\/td>\n<td style=\"padding-left: 10px;\"><a href=\"http:\/\/www.aaesor721.fr\/wp-content\/uploads\/2020\/07\/Chantier-en-BR_02.jpg\"><img decoding=\"async\" loading=\"lazy\" class=\"aligncenter size-full wp-image-1267\" src=\"http:\/\/www.aaesor721.fr\/wp-content\/uploads\/2020\/07\/Chantier-en-BR_02.jpg\" alt=\"\" width=\"auto\" height=\"200\" srcset=\"http:\/\/www.aaesor721.fr\/wp-content\/uploads\/2020\/07\/Chantier-en-BR_02.jpg 1997w, http:\/\/www.aaesor721.fr\/wp-content\/uploads\/2020\/07\/Chantier-en-BR_02-300x200.jpg 300w, http:\/\/www.aaesor721.fr\/wp-content\/uploads\/2020\/07\/Chantier-en-BR_02-1024x684.jpg 1024w, http:\/\/www.aaesor721.fr\/wp-content\/uploads\/2020\/07\/Chantier-en-BR_02-768x513.jpg 768w, http:\/\/www.aaesor721.fr\/wp-content\/uploads\/2020\/07\/Chantier-en-BR_02-1536x1025.jpg 1536w\" sizes=\"(max-width: 1997px) 100vw, 1997px\" \/><\/a><\/td>\n<\/tr>\n<tr>\n<td style=\"color: #000000; text-align: center;\" colspan=\"2\">Les 3 casernes des \u00e9l\u00e8ves, le r\u00e9fectoire et sa cuisine et face \u00e0 la caserne centrale, le foyer<\/td>\n<\/tr>\n<\/tbody>\n<\/table>\n<p>&nbsp;<\/p>\n<ul style=\"list-style-type: none;\">\n<li style=\"list-style-type: none;\"><\/li>\n<li style=\"color: #000000; text-align: justify; padding-left: 15px;\">2.3. L&rsquo;\u00c9COLE DES APPRENTIS M\u00c9CANICIENS<\/li>\n<\/ul>\n<p style=\"color: #000000; text-align: justify;\">Les deux vues ci-dessous repr\u00e9sentent les zones vie de la nouvelle \u00c9cole des m\u00e9caniciens de l&rsquo;arm\u00e9e de l&rsquo;air une fois termin\u00e9e. Elles datent de 1933.<\/p>\n<table>\n<tbody>\n<tr>\n<td><\/td>\n<td><\/td>\n<\/tr>\n<\/tbody>\n<\/table>\n<p style=\"color: #000000; text-align: justify;\">Sur la vue de droite apparait clairement la s\u00e9paration entre les deux zones: les logements des \u00e9l\u00e8ves sont situ\u00e9s \u00e0 gauche, en \u00e9ventail. Au centre du clich\u00e9, en haut, apparait l&rsquo;entr\u00e9e principale du site encadr\u00e9e par le poste de garde et les locaux disciplinaires; au centre en bas du clich\u00e9, le grand b\u00e2timent en forme de trap\u00e8ze est le foyer du soldat, avec salle de cin\u00e9ma, billard, coop\u00e9rative, etc. Enfin, \u00e0 droite, s\u00e9par\u00e9s de la zone vie des \u00e9l\u00e8ves par une cl\u00f4ture, le mess des sous-officiers et les 4 b\u00e2timents des sous-officiers cadres ou stagiaires et un peu en retrait, derri\u00e8re le foyer, l&rsquo;infirmerie.<\/p>\n<p style=\"color: #000000; text-align: justify;\">Les deux vues ci-dessous montrent, \u00e0 gauche le PC tout juste termin\u00e9 en 1933 et \u00e0 droite quelques mois plus tard le PC et l&rsquo;alignement des trav\u00e9es des ateliers o\u00f9 seront donn\u00e9s les cours de m\u00e9canique avion et autres sp\u00e9cialit\u00e9s.<\/p>\n<table>\n<tbody>\n<tr>\n<td><a href=\"http:\/\/www.aaesor721.fr\/wp-content\/uploads\/2020\/07\/Commandement_29-1933.jpg\"><img decoding=\"async\" loading=\"lazy\" class=\"aligncenter size-full wp-image-1265\" src=\"http:\/\/www.aaesor721.fr\/wp-content\/uploads\/2020\/07\/Commandement_29-1933.jpg\" alt=\"\" width=\"auto\" height=\"200\" srcset=\"http:\/\/www.aaesor721.fr\/wp-content\/uploads\/2020\/07\/Commandement_29-1933.jpg 812w, http:\/\/www.aaesor721.fr\/wp-content\/uploads\/2020\/07\/Commandement_29-1933-300x194.jpg 300w, http:\/\/www.aaesor721.fr\/wp-content\/uploads\/2020\/07\/Commandement_29-1933-768x497.jpg 768w\" sizes=\"(max-width: 812px) 100vw, 812px\" \/><\/a><\/td>\n<td style=\"padding-left: 10px;\"><a href=\"http:\/\/www.aaesor721.fr\/wp-content\/uploads\/2020\/07\/Commandement_51.jpg\"><img decoding=\"async\" loading=\"lazy\" class=\"aligncenter size-full wp-image-1258\" src=\"http:\/\/www.aaesor721.fr\/wp-content\/uploads\/2020\/07\/Commandement_51.jpg\" alt=\"\" width=\"auto\" height=\"200\" srcset=\"http:\/\/www.aaesor721.fr\/wp-content\/uploads\/2020\/07\/Commandement_51.jpg 965w, http:\/\/www.aaesor721.fr\/wp-content\/uploads\/2020\/07\/Commandement_51-300x192.jpg 300w, http:\/\/www.aaesor721.fr\/wp-content\/uploads\/2020\/07\/Commandement_51-768x493.jpg 768w\" sizes=\"(max-width: 965px) 100vw, 965px\" \/><\/a><\/td>\n<\/tr>\n<\/tbody>\n<\/table>\n<p style=\"text-align: right;\">A suivre&#8230;<\/p>\n<div>\n<p style=\"color: #000000; text-align: justify;\">Cr\u00e9dit photos:<br \/>\n\u00c9ditions Delboy<br \/>\nArchives du Port de Rochefort<br \/>\n\u00c9ditions Bergevin<br \/>\nCartes postales Gaby<\/p>\n<\/div>\n<\/div>\n","protected":false},"excerpt":{"rendered":"<p>1 &#8211; La D\u00e9cision L&rsquo;\u00c9cole qui forme \u00e0 leur m\u00e9tier les m\u00e9caniciens de l&rsquo;Arm\u00e9e de l&rsquo;air porte aujourd&rsquo;hui le nom d&rsquo;EFSOAA, \u00c9cole de Formation des Sous Officiers de l&rsquo;Arm\u00e9e de l&rsquo;Air et se trouve sur la base a\u00e9rienne 721 de Saint Agnant au sud de Rochefort. Rochefort leur apprend la th\u00e9orie de base puis, \u00e0 [&hellip;]<\/p>\n","protected":false},"author":4,"featured_media":0,"parent":0,"menu_order":0,"comment_status":"closed","ping_status":"closed","template":"","meta":[],"_links":{"self":[{"href":"http:\/\/www.aaesor721.fr\/index.php\/wp-json\/wp\/v2\/pages\/380"}],"collection":[{"href":"http:\/\/www.aaesor721.fr\/index.php\/wp-json\/wp\/v2\/pages"}],"about":[{"href":"http:\/\/www.aaesor721.fr\/index.php\/wp-json\/wp\/v2\/types\/page"}],"author":[{"embeddable":true,"href":"http:\/\/www.aaesor721.fr\/index.php\/wp-json\/wp\/v2\/users\/4"}],"replies":[{"embeddable":true,"href":"http:\/\/www.aaesor721.fr\/index.php\/wp-json\/wp\/v2\/comments?post=380"}],"version-history":[{"count":46,"href":"http:\/\/www.aaesor721.fr\/index.php\/wp-json\/wp\/v2\/pages\/380\/revisions"}],"predecessor-version":[{"id":1378,"href":"http:\/\/www.aaesor721.fr\/index.php\/wp-json\/wp\/v2\/pages\/380\/revisions\/1378"}],"wp:attachment":[{"href":"http:\/\/www.aaesor721.fr\/index.php\/wp-json\/wp\/v2\/media?parent=380"}],"curies":[{"name":"wp","href":"https:\/\/api.w.org\/{rel}","templated":true}]}}