{"id":2606,"date":"2025-08-11T10:07:15","date_gmt":"2025-08-11T08:07:15","guid":{"rendered":"http:\/\/www.aaesor721.fr\/?page_id=2606"},"modified":"2025-08-11T10:44:19","modified_gmt":"2025-08-11T08:44:19","slug":"les-obseques-de-jacques-enne","status":"publish","type":"page","link":"http:\/\/www.aaesor721.fr\/index.php\/les-obseques-de-jacques-enne\/","title":{"rendered":"Les obs\u00e8ques de Jacques Enne"},"content":{"rendered":"<p style=\"text-align: center;\" align=\"center\"><span style=\"font-size: x-large; color: #000000;\"><b>Les obs\u00e8ques de Jacques Enne<\/b><\/span><\/p>\n<p style=\"text-align: left;\"><span style=\"font-size: 10pt; color: #000000; font-family: georgia, palatino, serif;\">MONSIEUR Jacques nous a quitt\u00e9. Notre doyen n&rsquo;est plus. Il s\u2019est \u00e9teint le 29 juillet 2025 \u00e0 son domicile d\u2019Amfreville la Mivoie (76920) pr\u00e8s de Rouen, entour\u00e9 de l\u2019affection son \u00e9pouse Denise et de membres de sa famille qui l\u2019ont veill\u00e9 jusqu\u2019\u00e0 la fin.<br \/>\nVictime d\u2019une longue maladie qui le contraignait depuis trois ans \u00e0 subir un traitement m\u00e9dical \u00e0 la limite du supportable, Jacques n\u00e9 en 1928 a quitt\u00e9 ce monde \u00e0 l\u2019\u00e2ge de 97 ans.<\/span><\/p>\n<p style=\"text-align: center;\"><img decoding=\"async\" loading=\"lazy\" class=\"alignnone size-medium wp-image-2622\" src=\"http:\/\/www.aaesor721.fr\/wp-content\/uploads\/2025\/08\/aaesor.3-236x300.jpg\" alt=\"\" width=\"236\" height=\"300\" srcset=\"http:\/\/www.aaesor721.fr\/wp-content\/uploads\/2025\/08\/aaesor.3-236x300.jpg 236w, http:\/\/www.aaesor721.fr\/wp-content\/uploads\/2025\/08\/aaesor.3.jpg 632w\" sizes=\"(max-width: 236px) 100vw, 236px\" \/><\/p>\n<p style=\"text-align: left;\"><span style=\"font-size: 10pt; color: #000000; font-family: georgia, palatino, serif;\">L\u2019annonce par mail du d\u00e9c\u00e8s de Jacques aux membres de notre Association des Anciens \u00c9l\u00e8ves Sous-Officiers de Rochefort a provoqu\u00e9 en retour un grand nombre de t\u00e9moignages de soutien vers son \u00e9pouse et sa famille. Tous ceux qui l\u2019avaient connu \u00e9taient unanimes pour c\u00e9l\u00e9brer son s\u00e9rieux, son d\u00e9vouement, sa discr\u00e9tion, sa modestie, qualit\u00e9s qui faisaient de lui un camarade admir\u00e9 et respect\u00e9. <\/span><\/p>\n<p style=\"text-align: left;\"><span style=\"font-size: 10pt; color: #000000; font-family: georgia, palatino, serif;\">Ses fun\u00e9railles ont eu lieu le 4 ao\u00fbt 2025\u00a0dans l\u2019\u00e9glise de Mesnil-Esnard (76240) puis au cimeti\u00e8re d\u2019Amfreville la Mivoie o\u00f9 il a \u00e9t\u00e9 inhum\u00e9. Des membres de l\u2019AAESOR \u00e9taient pr\u00e9sents \u00e0 ces c\u00e9r\u00e9monies\u00a0:<br \/>\nJean Claude Dalloz et Jean-Pierre Tron, ancien et nouveau pr\u00e9sident, Laurent Campion et Roger Baron, ancien et nouveau secr\u00e9taire, Jacques Morel membre du CA et son \u00e9pouse Dominique, Marc Ducastel membre du CA. Dix-sept drapeaux d\u2019associations patriotiques dont le drapeau de notre association port\u00e9 par Philippe Lamarre \u00e9taient l\u00e0 pour honorer notre doyen. Le protocole de la partie militaire de ses obs\u00e8ques a \u00e9t\u00e9 r\u00e9gl\u00e9 par J-C Dalloz en collaboration avec le Major Antonin St\u00e9venard, pr\u00e9sident d\u00e9partemental pour la Seine maritime de la M\u00e9daille militaire et de l\u2019Ordre National du M\u00e9rite. <\/span><\/p>\n<p style=\"text-align: left;\"><span style=\"font-size: 10pt; color: #000000; font-family: georgia, palatino, serif;\">Tous ont tenu \u00e0 c\u00e9l\u00e9brer une carri\u00e8re militaire bien remplie, vou\u00e9e \u00e0 l\u2019Arm\u00e9e de l\u2019air de 1948 \u00e0 1970. Presque 22 ann\u00e9es pendant lesquelles outre la m\u00e9tropole et la Tunisie, il aura \u00e9t\u00e9 volontaire pour 2 s\u00e9jours en Indochine, un s\u00e9jour en Alg\u00e9rie et un s\u00e9jour en Polyn\u00e9sie afin de participer aux essais nucl\u00e9aires. <\/span><\/p>\n<p style=\"text-align: left;\"><span style=\"font-size: 10pt; color: #000000; font-family: georgia, palatino, serif;\">Dans ses \u00e9tats de service on trouve environ 800 heures de vol dont un certain nombre de missions de guerre n\u00b0 2 et 13 d\u00e9corations dont la M\u00e9daille Militaire, celle d\u2019Officier de l\u2019Ordre National du M\u00e9rite, La Croix de la Valeur Militaire avec Palme (3 citations), etc.<\/span><\/p>\n<p style=\"text-align: left;\"><span style=\"color: #000000; font-family: georgia, palatino, serif; font-size: 10pt;\">Photographi\u00e9s par Marc Ducastel :<\/span><\/p>\n<p style=\"text-align: center;\"><img decoding=\"async\" loading=\"lazy\" class=\"alignnone size-medium wp-image-2620\" src=\"http:\/\/www.aaesor721.fr\/wp-content\/uploads\/2025\/08\/aaesor.1-300x225.png\" alt=\"\" width=\"300\" height=\"225\" srcset=\"http:\/\/www.aaesor721.fr\/wp-content\/uploads\/2025\/08\/aaesor.1-300x225.png 300w, http:\/\/www.aaesor721.fr\/wp-content\/uploads\/2025\/08\/aaesor.1.png 524w\" sizes=\"(max-width: 300px) 100vw, 300px\" \/><\/p>\n<p style=\"text-align: left;\"><span style=\"font-family: georgia, palatino, serif; font-size: 10pt; color: #000000;\">Jean-Claude Dalloz et Jean-Pierre Tron pr\u00e9c\u00e8dent Dominique et Jacques Morel:<\/span><\/p>\n<p style=\"text-align: center;\"><img decoding=\"async\" loading=\"lazy\" class=\"alignnone size-medium wp-image-2621\" src=\"http:\/\/www.aaesor721.fr\/wp-content\/uploads\/2025\/08\/aaesor.2-300x225.jpg\" alt=\"\" width=\"300\" height=\"225\" srcset=\"http:\/\/www.aaesor721.fr\/wp-content\/uploads\/2025\/08\/aaesor.2-300x225.jpg 300w, http:\/\/www.aaesor721.fr\/wp-content\/uploads\/2025\/08\/aaesor.2.jpg 609w\" sizes=\"(max-width: 300px) 100vw, 300px\" \/><\/p>\n<p style=\"text-align: left;\"><span style=\"font-family: georgia, palatino, serif; font-size: 10pt; color: #000000;\">Julie, petite-fille de Jacques porte le coussin avec ses d\u00e9corations, Roger Baron porte le coussin avec son poignard et sa casquette d\u2019Adjudant-chef. Derri\u00e8re eux, le pr\u00eatre et le cercueil.<\/span><\/p>\n<p style=\"text-align: left;\"><span style=\"font-family: georgia, palatino, serif; font-size: 10pt; color: #000000;\">Tous se rendront ensuite au cimeti\u00e8re d\u2019Amfreville la Mivoie o\u00f9 \u00e0 l\u2019issue d\u2019une \u00e9mouvante c\u00e9r\u00e9monie, Jacques rejoindra sa derni\u00e8re demeure.<\/span><\/p>\n<p style=\"text-align: left;\"><span style=\"font-family: georgia, palatino, serif; font-size: 10pt; color: #000000;\">ADIEU MONSIEUR JACQUES. Au nom de notre association nous exprimons \u00e0 votre \u00e9pouse Denise toute notre sympathie et \u00e0 toute la famille nos plus sinc\u00e8res condol\u00e9ances.<\/span><\/p>\n<p style=\"text-align: left;\"><span style=\"font-family: georgia, palatino, serif; font-size: 10pt; color: #000000;\">RB le 10.08.2025<\/span><\/p>\n","protected":false},"excerpt":{"rendered":"<p>Les obs\u00e8ques de Jacques Enne MONSIEUR Jacques nous a quitt\u00e9. Notre doyen n&rsquo;est plus. Il s\u2019est \u00e9teint le 29 juillet 2025 \u00e0 son domicile d\u2019Amfreville la Mivoie (76920) pr\u00e8s de Rouen, entour\u00e9 de l\u2019affection son \u00e9pouse Denise et de membres de sa famille qui l\u2019ont veill\u00e9 jusqu\u2019\u00e0 la fin. Victime d\u2019une longue maladie qui le [&hellip;]<\/p>\n","protected":false},"author":4,"featured_media":0,"parent":0,"menu_order":0,"comment_status":"closed","ping_status":"closed","template":"","meta":[],"_links":{"self":[{"href":"http:\/\/www.aaesor721.fr\/index.php\/wp-json\/wp\/v2\/pages\/2606"}],"collection":[{"href":"http:\/\/www.aaesor721.fr\/index.php\/wp-json\/wp\/v2\/pages"}],"about":[{"href":"http:\/\/www.aaesor721.fr\/index.php\/wp-json\/wp\/v2\/types\/page"}],"author":[{"embeddable":true,"href":"http:\/\/www.aaesor721.fr\/index.php\/wp-json\/wp\/v2\/users\/4"}],"replies":[{"embeddable":true,"href":"http:\/\/www.aaesor721.fr\/index.php\/wp-json\/wp\/v2\/comments?post=2606"}],"version-history":[{"count":16,"href":"http:\/\/www.aaesor721.fr\/index.php\/wp-json\/wp\/v2\/pages\/2606\/revisions"}],"predecessor-version":[{"id":2626,"href":"http:\/\/www.aaesor721.fr\/index.php\/wp-json\/wp\/v2\/pages\/2606\/revisions\/2626"}],"wp:attachment":[{"href":"http:\/\/www.aaesor721.fr\/index.php\/wp-json\/wp\/v2\/media?parent=2606"}],"curies":[{"name":"wp","href":"https:\/\/api.w.org\/{rel}","templated":true}]}}