{"id":2132,"date":"2023-11-22T09:36:55","date_gmt":"2023-11-22T08:36:55","guid":{"rendered":"http:\/\/www.aaesor721.fr\/?page_id=2132"},"modified":"2023-11-22T10:26:23","modified_gmt":"2023-11-22T09:26:23","slug":"couleurs-gemot-bapteme-pc","status":"publish","type":"page","link":"http:\/\/www.aaesor721.fr\/index.php\/couleurs-gemot-bapteme-pc\/","title":{"rendered":"Couleurs G\u00e9mot &#8211; Bapt\u00e8me PC"},"content":{"rendered":"<p style=\"text-align: center;\"><strong>Couleurs Adjudant G\u00e9mot <\/strong><\/p>\n<p style=\"text-align: left;\">Aussi surprenant que cela puisse paraitre, au sein de notre Association des Anciens El\u00e8ves Sous-Officiers de Rochefort nous \u00e9tions encore nombreux r\u00e9cemment \u00e0 ignorer que chaque ann\u00e9e, le 20 octobre o\u00f9 le jour ouvrable le plus proche, avait lieu sur\u00a0 la Base a\u00e9rienne 721 \u00ab\u00a0Ajudant G\u00e9mot \u00a0\u00bb une c\u00e9r\u00e9monie des couleurs en l&rsquo;honneur du parrain de cette base. Cette date correspondant au jour du d\u00e9c\u00e8s de l&rsquo;adjudant G\u00e9mot dans un accident a\u00e9rien quand son avion fut pris dans un typhon en Indochine en 1952.<\/p>\n<p style=\"text-align: left;\">Il aura fallu la d\u00e9cision du g\u00e9n\u00e9ral commandant la base de choisir cette date pour organiser apr\u00e8s ces couleurs le bapt\u00eame du PC base pour que l&rsquo;AAESOR soit invit\u00e9e \u00e0 ces couleurs pour la premi\u00e8re fois.<\/p>\n<p style=\"text-align: left;\">Matin\u00e9e fraiche ce vendredi 20 octobre o\u00f9 nous d\u00e9couvrons donc le c\u00e9r\u00e9monial des \u00ab\u00a0Couleurs G\u00e9mot\u00a0\u00bb. Elles sont empreintes d&rsquo;\u00e9motion bien s\u00fbr gr\u00e2ce \u00e0 \u00a0la pr\u00e9sence, comme chaque ann\u00e9e de madame Viviane Lacour, fille de l&rsquo;Adjudant Pierre G\u00e9mot.<\/p>\n<p><img decoding=\"async\" loading=\"lazy\" class=\"alignnone size-medium wp-image-2140\" src=\"http:\/\/www.aaesor721.fr\/wp-content\/uploads\/2023\/11\/1-2-300x200.jpg\" alt=\"\" width=\"300\" height=\"200\" srcset=\"http:\/\/www.aaesor721.fr\/wp-content\/uploads\/2023\/11\/1-2-300x200.jpg 300w, http:\/\/www.aaesor721.fr\/wp-content\/uploads\/2023\/11\/1-2.jpg 649w\" sizes=\"(max-width: 300px) 100vw, 300px\" \/>\u00a0 \u00a0 \u00a0 \u00a0 \u00a0 <img decoding=\"async\" loading=\"lazy\" class=\"alignnone size-medium wp-image-2141\" src=\"http:\/\/www.aaesor721.fr\/wp-content\/uploads\/2023\/11\/2-2-300x200.jpg\" alt=\"\" width=\"300\" height=\"200\" srcset=\"http:\/\/www.aaesor721.fr\/wp-content\/uploads\/2023\/11\/2-2-300x200.jpg 300w, http:\/\/www.aaesor721.fr\/wp-content\/uploads\/2023\/11\/2-2.jpg 649w\" sizes=\"(max-width: 300px) 100vw, 300px\" \/><\/p>\n<p style=\"text-align: left;\">Apr\u00e8s la revue des troupes pass\u00e9e par le g\u00e9n\u00e9ral de brigade a\u00e9rienne Ch\u00eane commandant la base, a eu lieu la\u00a0 lecture du pan\u00e9gyrique \u00a0de l&rsquo;Adjudant Pierre G\u00e9mot. Puis madame Lacour et le g\u00e9n\u00e9ral se sont dirig\u00e9s vers la st\u00e8le au nom de l&rsquo;adjudant G\u00e9mot o\u00f9 une gerbe a \u00e9t\u00e9 d\u00e9pos\u00e9e.<\/p>\n<p><img decoding=\"async\" loading=\"lazy\" class=\"alignnone size-medium wp-image-2142\" src=\"http:\/\/www.aaesor721.fr\/wp-content\/uploads\/2023\/11\/3-2-300x200.jpg\" alt=\"\" width=\"300\" height=\"200\" srcset=\"http:\/\/www.aaesor721.fr\/wp-content\/uploads\/2023\/11\/3-2-300x200.jpg 300w, http:\/\/www.aaesor721.fr\/wp-content\/uploads\/2023\/11\/3-2.jpg 650w\" sizes=\"(max-width: 300px) 100vw, 300px\" \/>\u00a0 \u00a0 \u00a0 \u00a0 \u00a0 <img decoding=\"async\" loading=\"lazy\" class=\"alignnone size-medium wp-image-2143\" src=\"http:\/\/www.aaesor721.fr\/wp-content\/uploads\/2023\/11\/4-2-300x200.jpg\" alt=\"\" width=\"300\" height=\"200\" srcset=\"http:\/\/www.aaesor721.fr\/wp-content\/uploads\/2023\/11\/4-2-300x200.jpg 300w, http:\/\/www.aaesor721.fr\/wp-content\/uploads\/2023\/11\/4-2.jpg 651w\" sizes=\"(max-width: 300px) 100vw, 300px\" \/><\/p>\n<p style=\"text-align: left;\">La fin de cette c\u00e9r\u00e9monie a entrain\u00e9 la dislocation du dispositif, frigorifi\u00e9 par la temp\u00e9rature et la pluie qui ne nous avaient pas fait de cadeau.<\/p>\n<p style=\"text-align: center;\"><strong>Bapt\u00eame du PC base<\/strong><\/p>\n<p style=\"text-align: left;\">Le bapt\u00eame du PC de la base \u00e9tait programm\u00e9 imm\u00e9diatement apr\u00e8s la c\u00e9r\u00e9monie des couleurs.<\/p>\n<p style=\"text-align: left;\">En 2021, dans un article du Mille-Pattes n\u00b0 36, \u00e9tait \u00e9voqu\u00e9e la surprise de la d\u00e9couverte des deux plaques \u00ab\u00a0B\u00e2timent Adj G\u00e9mot\u00a0\u00bb dispos\u00e9es au dessus des entr\u00e9es du hangar du Germas Transall de Bricy, le HB1.<\/p>\n<p><img decoding=\"async\" loading=\"lazy\" class=\"alignnone wp-image-2144\" src=\"http:\/\/www.aaesor721.fr\/wp-content\/uploads\/2023\/11\/5-2-300x225.jpg\" alt=\"\" width=\"271\" height=\"203\" srcset=\"http:\/\/www.aaesor721.fr\/wp-content\/uploads\/2023\/11\/5-2-300x225.jpg 300w, http:\/\/www.aaesor721.fr\/wp-content\/uploads\/2023\/11\/5-2.jpg 635w\" sizes=\"(max-width: 271px) 100vw, 271px\" \/>\u00a0 \u00a0 \u00a0 \u00a0 \u00a0 \u00a0 \u00a0 \u00a0 <img decoding=\"async\" loading=\"lazy\" class=\"alignnone wp-image-2145\" src=\"http:\/\/www.aaesor721.fr\/wp-content\/uploads\/2023\/11\/6-2-300x200.jpg\" alt=\"\" width=\"305\" height=\"203\" srcset=\"http:\/\/www.aaesor721.fr\/wp-content\/uploads\/2023\/11\/6-2-300x200.jpg 300w, http:\/\/www.aaesor721.fr\/wp-content\/uploads\/2023\/11\/6-2.jpg 714w\" sizes=\"(max-width: 305px) 100vw, 305px\" \/><\/p>\n<p style=\"text-align: left;\">Comme d\u00e9crit dans le num\u00e9ro 38 du Mille-Pattes, Jean-Claude Dalloz a r\u00e9cup\u00e9r\u00e9 l&rsquo;une de ces plaques avant \u00a0la destruction programm\u00e9e de ce hangar devenu l&rsquo;ESTA 2E.061 \u00ab\u00a0Loiret\u00a0\u00bb et a assur\u00e9 son transport vers Saint-Agnant. Avec toutes les pr\u00e9cautions dues \u00e0 son apparente fragilit\u00e9 (b\u00e9ton non arm\u00e9 ne demandant qu&rsquo;\u00e0 se casser) et \u00e0 son poids \u00e9lev\u00e9 estim\u00e9 \u00e0 environ 40 kilos.<\/p>\n<p style=\"text-align: left;\">Avant le 20 octobre, seuls deux b\u00e2timents de la base a\u00e9rienne 721 Adjudant\u00a0 G\u00e9mot de Rochefort n&rsquo;\u00e9taient pas baptis\u00e9s, le hangar SEMSA et&#8230;le PC ! Or quel b\u00e2timent \u00e9tait susceptible de recevoir un tel nom de bapt\u00eame ? Il fut donc d\u00e9cid\u00e9 l&rsquo;installation de cette plaque dans le sas d&rsquo;entr\u00e9e du PC. Le mur de gauche recevrait le portrait de Pierre G\u00e9mot encadr\u00e9 par son pan\u00e9gyrique et sa citation \u00e0 l&rsquo;ordre de l&rsquo;Arm\u00e9e A\u00e9rienne \u00e0 titre posthume du 11 avril 1953; le mur de droite recevrait la plaque de b\u00e9ton, nettoy\u00e9e, lettres repeintes, accompagn\u00e9e d&rsquo;une petite plaque expliquant les \u00a0circonstances de son arriv\u00e9e \u00e0 cet endroit.<\/p>\n<p><img decoding=\"async\" loading=\"lazy\" class=\"alignnone size-medium wp-image-2146\" src=\"http:\/\/www.aaesor721.fr\/wp-content\/uploads\/2023\/11\/7-2-300x200.jpg\" alt=\"\" width=\"300\" height=\"200\" srcset=\"http:\/\/www.aaesor721.fr\/wp-content\/uploads\/2023\/11\/7-2-300x200.jpg 300w, http:\/\/www.aaesor721.fr\/wp-content\/uploads\/2023\/11\/7-2.jpg 651w\" sizes=\"(max-width: 300px) 100vw, 300px\" \/>\u00a0 \u00a0 \u00a0 \u00a0 \u00a0 <img decoding=\"async\" loading=\"lazy\" class=\"alignnone size-medium wp-image-2147\" src=\"http:\/\/www.aaesor721.fr\/wp-content\/uploads\/2023\/11\/8-2-300x200.jpg\" alt=\"\" width=\"300\" height=\"200\" srcset=\"http:\/\/www.aaesor721.fr\/wp-content\/uploads\/2023\/11\/8-2-300x200.jpg 300w, http:\/\/www.aaesor721.fr\/wp-content\/uploads\/2023\/11\/8-2.jpg 649w\" sizes=\"(max-width: 300px) 100vw, 300px\" \/><\/p>\n<p style=\"text-align: left;\">Ainsi fut fait et madame Lacour et le g\u00e9n\u00e9ral Ch\u00eane proc\u00e9d\u00e8rent au d\u00e9voilage.<\/p>\n<p><img decoding=\"async\" loading=\"lazy\" class=\"alignnone size-medium wp-image-2148\" src=\"http:\/\/www.aaesor721.fr\/wp-content\/uploads\/2023\/11\/9-2-300x200.jpg\" alt=\"\" width=\"300\" height=\"200\" srcset=\"http:\/\/www.aaesor721.fr\/wp-content\/uploads\/2023\/11\/9-2-300x200.jpg 300w, http:\/\/www.aaesor721.fr\/wp-content\/uploads\/2023\/11\/9-2.jpg 649w\" sizes=\"(max-width: 300px) 100vw, 300px\" \/>\u00a0 \u00a0 \u00a0 \u00a0 \u00a0 <img decoding=\"async\" loading=\"lazy\" class=\"alignnone size-medium wp-image-2149\" src=\"http:\/\/www.aaesor721.fr\/wp-content\/uploads\/2023\/11\/10.1-300x200.jpg\" alt=\"\" width=\"300\" height=\"200\" srcset=\"http:\/\/www.aaesor721.fr\/wp-content\/uploads\/2023\/11\/10.1-300x200.jpg 300w, http:\/\/www.aaesor721.fr\/wp-content\/uploads\/2023\/11\/10.1.jpg 649w\" sizes=\"(max-width: 300px) 100vw, 300px\" \/><\/p>\n<p style=\"text-align: left;\">Les personnels invit\u00e9s \u00e9taient tous o\u00f9 presque des anciens qui \u00e9taient pass\u00e9s chaque jour sous l&rsquo;une de ces deux plaques pour se rendre \u00e0 leur travail dans le hangar du Germas sans jamais remarquer leur pr\u00e9sence.<\/p>\n<p><img decoding=\"async\" loading=\"lazy\" class=\"alignnone size-medium wp-image-2150\" src=\"http:\/\/www.aaesor721.fr\/wp-content\/uploads\/2023\/11\/11-2-300x209.jpg\" alt=\"\" width=\"300\" height=\"209\" srcset=\"http:\/\/www.aaesor721.fr\/wp-content\/uploads\/2023\/11\/11-2-300x209.jpg 300w, http:\/\/www.aaesor721.fr\/wp-content\/uploads\/2023\/11\/11-2.jpg 622w\" sizes=\"(max-width: 300px) 100vw, 300px\" \/>\u00a0 \u00a0 \u00a0 \u00a0 \u00a0 <img decoding=\"async\" loading=\"lazy\" class=\"alignnone wp-image-2151\" src=\"http:\/\/www.aaesor721.fr\/wp-content\/uploads\/2023\/11\/12-2-300x200.jpg\" alt=\"\" width=\"312\" height=\"208\" srcset=\"http:\/\/www.aaesor721.fr\/wp-content\/uploads\/2023\/11\/12-2-300x200.jpg 300w, http:\/\/www.aaesor721.fr\/wp-content\/uploads\/2023\/11\/12-2.jpg 649w\" sizes=\"(max-width: 312px) 100vw, 312px\" \/><\/p>\n<p style=\"text-align: left;\">Apr\u00e8s ce bapt\u00eame et le caf\u00e9 offert par le g\u00e9n\u00e9ral, un bus nous a transport\u00e9s sur la base jusqu&rsquo;au b\u00e2timent technique Joinville pour une visite consacr\u00e9e \u00e0 l&rsquo;instruction des \u00e9l\u00e8ves sur l&rsquo;armement des avions. Accueillis par un capitaine tr\u00e8s cal\u00e9 sur la question nous avons parcouru des halls o\u00f9 nous ont \u00e9t\u00e9 pr\u00e9sent\u00e9es les diverses panoplies qu&rsquo;\u00e9taient capables d&#8217;emporter les Mirage 2000 dont de nombreux exemplaires \u00e9taient ici pr\u00e9sents. Le hall \u00ab\u00a0canons\u00a0\u00bb pr\u00e9sentait les canons Mir 2000, h\u00e9licopt\u00e8res mais aussi Rafale \u00e0 la technologie stup\u00e9fiante !<\/p>\n<p style=\"text-align: left;\">Puis direction le CRC avec la d\u00e9couverte pour certains de la salle traditions, quelques emplettes effectu\u00e9es \u00e0 la boutique et finalement le bus nous ramena au parking vers nos voitures pour le retour vers le cercle Martrou en vue d&rsquo;un d\u00e9jeuner entre amis avec \u00e9vocation du bon vieux temps des ann\u00e9es 70 \u00e0 Bricy.<\/p>\n<p style=\"text-align: left;\">PS: c&rsquo;\u00e9tait le 20 octobre ! Quatre jours plus tard, le 24 donc, Marcel Berthom\u00e9 l&rsquo;ancien camarade d&rsquo;\u00e9quipage de Pierre G\u00e9mot dans un Halifax du Squadron 347 de la RAF, (Groupe de Bombardement 1\/25 \u00ab\u00a0Tunisie\u00a0\u00bb des Groupes Lourds), d\u00e9c\u00e9dait \u00e0 son domicile de Saint-Seurin-sur-l&rsquo;Isle en Gironde, \u00e2g\u00e9 de 101 ans. Il s&rsquo;\u00e9tait engag\u00e9 dans l&rsquo;arm\u00e9e de l&rsquo;air \u00e0 Rochefort en 1939, sp\u00e9cialit\u00e9: radio.<\/p>\n<p>\u00a0 \u00a0 \u00a0 \u00a0 \u00a0 \u00a0<img decoding=\"async\" loading=\"lazy\" class=\"alignnone wp-image-2152\" src=\"http:\/\/www.aaesor721.fr\/wp-content\/uploads\/2023\/11\/13-2-300x161.jpg\" alt=\"\" width=\"352\" height=\"189\" srcset=\"http:\/\/www.aaesor721.fr\/wp-content\/uploads\/2023\/11\/13-2-300x161.jpg 300w, http:\/\/www.aaesor721.fr\/wp-content\/uploads\/2023\/11\/13-2-1024x549.jpg 1024w, http:\/\/www.aaesor721.fr\/wp-content\/uploads\/2023\/11\/13-2-768x412.jpg 768w, http:\/\/www.aaesor721.fr\/wp-content\/uploads\/2023\/11\/13-2.jpg 1030w\" sizes=\"(max-width: 352px) 100vw, 352px\" \/><\/p>\n<p style=\"text-align: left;\">2023.10.20<\/p>\n<p style=\"text-align: left;\">\n","protected":false},"excerpt":{"rendered":"<p>Couleurs Adjudant G\u00e9mot Aussi surprenant que cela puisse paraitre, au sein de notre Association des Anciens El\u00e8ves Sous-Officiers de Rochefort nous \u00e9tions encore nombreux r\u00e9cemment \u00e0 ignorer que chaque ann\u00e9e, le 20 octobre o\u00f9 le jour ouvrable le plus proche, avait lieu sur\u00a0 la Base a\u00e9rienne 721 \u00ab\u00a0Ajudant G\u00e9mot \u00a0\u00bb une c\u00e9r\u00e9monie des couleurs en [&hellip;]<\/p>\n","protected":false},"author":4,"featured_media":0,"parent":0,"menu_order":0,"comment_status":"closed","ping_status":"closed","template":"","meta":[],"_links":{"self":[{"href":"http:\/\/www.aaesor721.fr\/index.php\/wp-json\/wp\/v2\/pages\/2132"}],"collection":[{"href":"http:\/\/www.aaesor721.fr\/index.php\/wp-json\/wp\/v2\/pages"}],"about":[{"href":"http:\/\/www.aaesor721.fr\/index.php\/wp-json\/wp\/v2\/types\/page"}],"author":[{"embeddable":true,"href":"http:\/\/www.aaesor721.fr\/index.php\/wp-json\/wp\/v2\/users\/4"}],"replies":[{"embeddable":true,"href":"http:\/\/www.aaesor721.fr\/index.php\/wp-json\/wp\/v2\/comments?post=2132"}],"version-history":[{"count":11,"href":"http:\/\/www.aaesor721.fr\/index.php\/wp-json\/wp\/v2\/pages\/2132\/revisions"}],"predecessor-version":[{"id":2157,"href":"http:\/\/www.aaesor721.fr\/index.php\/wp-json\/wp\/v2\/pages\/2132\/revisions\/2157"}],"wp:attachment":[{"href":"http:\/\/www.aaesor721.fr\/index.php\/wp-json\/wp\/v2\/media?parent=2132"}],"curies":[{"name":"wp","href":"https:\/\/api.w.org\/{rel}","templated":true}]}}